{"id":4158,"date":"2019-02-15T00:00:00","date_gmt":"2019-02-15T00:00:00","guid":{"rendered":"https:\/\/berg-lund.a77-development.de\/publikationen\/energieeffizienz-im-schienenguterverkehr-der-db-cargo\/"},"modified":"2024-12-09T10:05:01","modified_gmt":"2024-12-09T10:05:01","slug":"energieeffizienz-im-schienenguterverkehr-der-db-cargo","status":"publish","type":"publikationen","link":"https:\/\/berg-lund.de\/en\/publikationen\/energieeffizienz-im-schienenguterverkehr-der-db-cargo\/","title":{"rendered":"Energieeffizienz im Schieneng\u00fcterverkehr der DB Cargo"},"content":{"rendered":"<div class=\"o-category o-category--inherit\">\n<span>15.02.2019<\/span><br \/>\n<span class=\"o-category__separator\"><\/span><br \/>\n<span>Schieneng\u00fcterverkehr<\/span>\n<\/div>\n<h2 class=\"o-hl1\">Energieeffizienz im <span class=\"u-hyphenate\">Schieneng\u00fcterverkehr<\/span> der DB Cargo<\/h2>\n<p>Die DB Cargo ist in Europa f\u00fchrender Anbieter im Schieneng\u00fcterverkehr. BLC unterst\u00fctzt DB Cargo bei der B\u00fcndelung von Energiesparma\u00dfnahmen in einer Task Force. <a class=\"o-link o-link--underline\" href=\"https:\/\/berg-lund.de\/fuehrungsteam\/dr-martin-bernhardt\">Dr. Martin Bernhardt<\/a> spricht in der aktuellen Ausgabe des &#8220;bahn manager&#8221; mit Steffen Bobsien, Leiter European Assets &amp; Technology und J\u00f6rg Schneider, dem Programmleiter der Task Force, \u00fcber das gemeinsame Vorhaben.<\/p>\n<p><em>bahn manager | 01-2019 <\/em><br \/>\n<strong>\u00bbEnergieeffizienz im Schieneng\u00fcterverkehr\u00ab<\/strong><br \/>\n<a class=\"o-link o-link--bold\" target=\"_blank\" href=\"https:\/\/berg-lund.de\/content\/9-publikationen\/20190215-energieeffizienz-im-schienengueterverkehr\/bahn-manager-01_2019_db-cargo.pdf\" rel=\"noopener\">Artikel als PDF<\/a><\/p>\n","protected":false},"excerpt":{"rendered":"<p>15.02.2019 Schieneng\u00fcterverkehr Energieeffizienz im Schieneng\u00fcterverkehr der DB Cargo Die DB Cargo ist in Europa f\u00fchrender Anbieter im Schieneng\u00fcterverkehr. BLC unterst\u00fctzt DB Cargo bei der B\u00fcndelung von Energiesparma\u00dfnahmen in einer Task Force. Dr. Martin Bernhardt spricht in der aktuellen Ausgabe des &#8220;bahn manager&#8221; mit Steffen Bobsien, Leiter European Assets &amp; Technology und J\u00f6rg Schneider, dem Programmleiter [&hellip;]<\/p>\n","protected":false},"featured_media":0,"template":"","meta":{"_acf_changed":false,"footnotes":""},"tags":[174],"publikationen-cat":[29],"class_list":["post-4158","publikationen","type-publikationen","status-publish","hentry","tag-02-transport-verkehr-logistik","publikationen-cat-schienenguterverkehr"],"acf":[],"_links":{"self":[{"href":"https:\/\/berg-lund.de\/en\/wp-json\/wp\/v2\/publikationen\/4158","targetHints":{"allow":["GET"]}}],"collection":[{"href":"https:\/\/berg-lund.de\/en\/wp-json\/wp\/v2\/publikationen"}],"about":[{"href":"https:\/\/berg-lund.de\/en\/wp-json\/wp\/v2\/types\/publikationen"}],"version-history":[{"count":1,"href":"https:\/\/berg-lund.de\/en\/wp-json\/wp\/v2\/publikationen\/4158\/revisions"}],"predecessor-version":[{"id":8046,"href":"https:\/\/berg-lund.de\/en\/wp-json\/wp\/v2\/publikationen\/4158\/revisions\/8046"}],"wp:attachment":[{"href":"https:\/\/berg-lund.de\/en\/wp-json\/wp\/v2\/media?parent=4158"}],"wp:term":[{"taxonomy":"post_tag","embeddable":true,"href":"https:\/\/berg-lund.de\/en\/wp-json\/wp\/v2\/tags?post=4158"},{"taxonomy":"publikationen-cat","embeddable":true,"href":"https:\/\/berg-lund.de\/en\/wp-json\/wp\/v2\/publikationen-cat?post=4158"}],"curies":[{"name":"wp","href":"https:\/\/api.w.org\/{rel}","templated":true}]}}